{"id":75092,"date":"2026-04-26T13:17:39","date_gmt":"2026-04-26T11:17:39","guid":{"rendered":"https:\/\/angebote.immobilienmoser.de\/?post_type=property&#038;p=75092"},"modified":"2026-04-26T14:08:12","modified_gmt":"2026-04-26T12:08:12","slug":"erstbezug-nach-renovierung-schicke-voll-moeblierte-2-zimmerwohnung-mit-balkon-im-9-og-tg-kfz-platz-zentral-in-eschborn","status":"publish","type":"property","link":"https:\/\/angebote.immobilienmoser.de\/en\/immobilien\/erstbezug-nach-renovierung-schicke-voll-moeblierte-2-zimmerwohnung-mit-balkon-im-9-og-tg-kfz-platz-zentral-in-eschborn\/","title":{"rendered":"Erstbezug nach Renovierung! Schicke + voll m\u00f6blierte 2 Zimmerwohnung mit Balkon im 9. OG + TG-KFZ-Platz &#8211; zentral in Eschborn"},"content":{"rendered":"<div class=\"block-title-wrap\">\n<h2>Property description<\/h2>\n<\/div>\n<p>In diesem gepflegten und video\u00fcberwachten Hochhaus ist im 9. OG (inkl. Aufzug) diese gem\u00fctliche\u00a0 2- Zimmerwohnung mit Balkon nun fertig renoviert worden und wurde zus\u00e4tzlich auch noch schick, modern + vollst\u00e4ndig m\u00f6bliert &#8211; nun steht sie zur Neuvermietung an &#8211;<\/p>\n<p><strong>Koffer auspacken und wohlf\u00fchlen &#8211; ist hier das Motto &#8211; also ein sehr entspannter Umzug.<\/strong><\/p>\n<p>Die Wohnung wird an max. 2 Personen vermietet,\u00a0auch eine Vermietung als Firmenwohnung ist hier gut vorstellbar.<\/p>\n<p><strong>Konditionen im Mietvertrag<\/strong>:<\/p>\n<p>Mietbeginn: sofort bzw. sp\u00e4testens 1.6.2026<\/p>\n<p>Mindestmietdauer: 9 Monate, danach gilt die 3-monatige K\u00fcndigungsfrist<\/p>\n<p>Staffelmiete: die Miete steigt jedes Jahr um moderate \u20ac 15,- (= unter Inflationsausgleich) und bietet so Planungssicherheit, da so jegliche ungeplante Mieterh\u00f6hung komplett ausgeschlossen ist<\/p>\n<p>\u00dcbergabe der Wohnung: Erstbezug nach Komplett Renovierung und vollst\u00e4ndig m\u00f6bliert sogar schon inkl. K\u00fccheninventar<\/p>\n<p>&nbsp;<\/p>\n<div class=\"block-title-wrap\">\n<h2>equipment<\/h2>\n<\/div>\n<p>Der Boden mit schickem Laminatboden in Holzoptik ausgelegt, die W\u00e4nde Raufaser frisch wei\u00df tapeziert.<\/p>\n<p>Sie betreten die Wohnung in einen komfortablen Flurbereich mit einem direkten offenen \u00dcbergang zum charmanten Wohnbereich mit integrierter Einbauk\u00fcche, die schon durch eine moderne K\u00fccheninseltheke abgetrennt ist. Die Einbauk\u00fcche ist mit Ceranfeld Herd, Backofen, Sp\u00fclmaschine, K\u00fchl-\/Gefrierkombi, mit diversen Ober- und Unterschr\u00e4nken sowie gesamten K\u00fccheninventar wie Geschirr, Besteck, Kaffeemaschine, usw. ausgestattet.<\/p>\n<p>Der Wohnbereich gem\u00fctlich mit Sofa, Tisch, TV m\u00f6bliert, hier auch der Zugang zum Balkon mit einem guten Weitblick.<\/p>\n<p>Durch das Wohnzimmer dann der Zugang zum separaten Schlafzimmer, ebenfalls komplett m\u00f6bliert mit gro\u00dfem Kleiderschrank, Bett und Nachtischen und ebenfalls mit sch\u00f6nem Weitblick.<\/p>\n<p>Das Badezimmer innenliegend mit Abzug, wei\u00df gefliest mit Badewanne plus separater Dusche und bereits auch mit Waschmaschine und Trockner zus\u00e4tzlich ausgestattet. WC, Waschbecken und moderner Spiegelschrank runden das Ganze ab.<\/p>\n<p>Im Keller des Hauses steht f\u00fcr diese Wohnung noch ein eigenes Kellerabteil zur Verf\u00fcgung und auch an Ihren PKW wurde gedacht, in der hauseigenen Tiefgarage kann noch ein KFZ-Stellplatz zu \u20ac 100,-\/Monat dazugemietet werden.<\/p>\n<h2>Position<\/h2>\n<p>Eschborn ist einer der wichtigsten B\u00fcrostandorte im Rhein-Main-Gebiet und hervorragend an Frankfurt angebunden. Zahlreiche namhafte Unternehmen haben hier ihren Sitz. &#8211; Frankfurt (Hauptbahnhof): ca. 10 Minuten mit der S-Bahn &#8211; Flughafen Frankfurt: ca. 15 Autominuten &#8211; Sehr gute Anbindung an A66, A5 und A648 Einkaufsm\u00f6glichkeiten, Gastronomie und Fitnessangebote sind fu\u00dfl\u00e4ufig erreichbar.<\/p>\n<div class=\"block-title-wrap\">\n<h2>Miscellaneous<\/h2>\n<\/div>\n<p>Arrange your viewing appointment with our office, we look forward to your call today.<\/p>\n<p>Our office hours are usually Monday to Friday between 9 a.m. and 5 p.m. At other times we are usually away on external appointments and therefore not always directly available.<\/p>\n<p>Note: Your request must contain a valid mobile phone number, otherwise it cannot be processed and will be deleted.<\/p>\n<p>Ideally, you would tell us the following in your email request:<\/p>\n<p>How many people are you looking for a new apartment for?<\/p>\n<p>When are you looking for a new apartment?<\/p>\n<p>Do you do something professionally?<\/p>\n<p>Thank you.<\/p>\n<p>Note: All information, including area information, comes from third parties (owners, managers, tenants) for whom we cannot accept any guarantee or liability. Errors and interim rentals remain reserved.<\/p>","protected":false},"excerpt":{"rendered":"<p>Objektbeschreibung In diesem gepflegten und video\u00fcberwachten Hochhaus ist im 9. OG (inkl. Aufzug) diese gem\u00fctliche\u00a0 2- Zimmerwohnung mit Balkon nun fertig renoviert worden und wurde zus\u00e4tzlich auch noch schick, modern + vollst\u00e4ndig m\u00f6bliert &#8211; nun steht sie zur Neuvermietung an &#8211; Koffer auspacken und wohlf\u00fchlen &#8211; ist hier das Motto &#8211; also ein sehr entspannter [&hellip;]<\/p>","protected":false},"author":2,"featured_media":75120,"parent":0,"menu_order":0,"template":"","property_type":[207,144],"property_status":[132],"property_feature":[165,163,164,166,205,200],"property_label":[],"property_country":[56],"property_state":[190],"property_city":[231],"property_area":[189],"class_list":["post-75092","property","type-property","status-publish","has-post-thumbnail","hentry","property_type-voll-moeblierte-wohnung","property_type-wohnung","property_status-mieten","property_feature-balkon-terrasse","property_feature-einbaukueche","property_feature-keller","property_feature-personenaufzug","property_feature-tiefgaragen-stellplatz","property_feature-voll-moebliert","property_country-deutschland","property_state-hessen","property_city-65760-eschborn","property_area-hessen"],"property_meta":{"fave_currency":["EUR"],"fave_currency_info":["a:8:{s:2:\"id\";s:1:\"1\";s:13:\"currency_name\";s:4:\"Euro\";s:13:\"currency_code\";s:3:\"EUR\";s:15:\"currency_symbol\";s:3:\"\u20ac\";s:17:\"currency_position\";s:5:\"after\";s:16:\"currency_decimal\";s:1:\"0\";s:26:\"currency_decimal_separator\";s:1:\",\";s:27:\"currency_thousand_separator\";s:1:\".\";}","a:8:{s:2:\"id\";s:1:\"1\";s:13:\"currency_name\";s:4:\"Euro\";s:13:\"currency_code\";s:3:\"EUR\";s:15:\"currency_symbol\";s:3:\"\u20ac\";s:17:\"currency_position\";s:5:\"after\";s:16:\"currency_decimal\";s:1:\"0\";s:26:\"currency_decimal_separator\";s:1:\",\";s:27:\"currency_thousand_separator\";s:1:\".\";}"],"fave_property_price":["990"],"fave_property_sec_price":["1170"],"fave_property_price_postfix":["(inkl. Nebenkosten)"],"fave_property_size":["52"],"fave_property_size_prefix":["qm"],"fave_property_land_postfix":["qm"],"fave_property_bedrooms":["1"],"fave_property_map":["1"],"fave_property_year":["1970"],"fave_property_address":["Bremer Stra\u00dfe 17"],"fave_property_zip":["65760 Eschborn"],"fave_property_country":["de_DE"],"fave_featured":["1"],"houzez_featured_listing_date":["2026-04-26 13:14:51","2026-04-26 13:14:51"],"fave_agent_display_option":["agency_info"],"fave_prop_homeslider":["no"],"fave_additional_features_enable":["enable"],"fave_energy_class":["D"],"fave_epc_current_rating":["104 kWh\/(m\u00b2\u00b7a)"],"additional_features":["a:22:{i:0;a:2:{s:29:\"fave_additional_feature_title\";s:9:\"Objekt-ID\";s:29:\"fave_additional_feature_value\";s:9:\"167241200\";}i:1;a:2:{s:29:\"fave_additional_feature_title\";s:9:\"Objekttyp\";s:29:\"fave_additional_feature_value\";s:7:\"Wohnung\";}i:2;a:2:{s:29:\"fave_additional_feature_title\";s:7:\"Adresse\";s:29:\"fave_additional_feature_value\";s:31:\"65760 Eschborn - Bremer Str. 17\";}i:3;a:2:{s:29:\"fave_additional_feature_title\";s:5:\"Etage\";s:29:\"fave_additional_feature_value\";s:1:\"9\";}i:4;a:2:{s:29:\"fave_additional_feature_title\";s:14:\"Etagen im Haus\";s:29:\"fave_additional_feature_value\";s:2:\"21\";}i:5;a:2:{s:29:\"fave_additional_feature_title\";s:15:\"Wohnfl\u00e4che ca.\";s:29:\"fave_additional_feature_value\";s:2:\"52\";}i:6;a:2:{s:29:\"fave_additional_feature_title\";s:6:\"Zimmer\";s:29:\"fave_additional_feature_value\";s:1:\"2\";}i:7;a:2:{s:29:\"fave_additional_feature_title\";s:9:\"Haustiere\";s:29:\"fave_additional_feature_value\";s:32:\"ggf. nach Vereinbarung m\u00f6glich \";}i:8;a:2:{s:29:\"fave_additional_feature_title\";s:11:\"Heizungsart\";s:29:\"fave_additional_feature_value\";s:18:\"Gas-Zentralheizung\";}i:9;a:2:{s:29:\"fave_additional_feature_title\";s:27:\"Wesentlicher Energietr\u00e4ger\";s:29:\"fave_additional_feature_value\";s:3:\"Gas\";}i:10;a:2:{s:29:\"fave_additional_feature_title\";s:7:\"Baujahr\";s:29:\"fave_additional_feature_value\";s:4:\"1970\";}i:11;a:2:{s:29:\"fave_additional_feature_title\";s:7:\"Zustand\";s:29:\"fave_additional_feature_value\";s:40:\"Erstbezug nach Renovierung + M\u00f6blierung\";}i:12;a:2:{s:29:\"fave_additional_feature_title\";s:13:\"Verf\u00fcgbar ab\";s:29:\"fave_additional_feature_value\";s:31:\"sofort\/15.5.\/sp\u00e4testens 1.6.26\";}i:13;a:2:{s:29:\"fave_additional_feature_title\";s:7:\"Kaution\";s:29:\"fave_additional_feature_value\";s:20:\"3 Monatsmieten netto\";}i:14;a:2:{s:29:\"fave_additional_feature_title\";s:9:\"Kaltmiete\";s:29:\"fave_additional_feature_value\";s:3:\"990\";}i:15;a:2:{s:29:\"fave_additional_feature_title\";s:11:\"Nebenkosten\";s:29:\"fave_additional_feature_value\";s:38:\"\u20ac 180 (1 Pers) bzw. \u20ac 230 (2 Pers)\";}i:16;a:2:{s:29:\"fave_additional_feature_title\";s:9:\"Warmmiete\";s:29:\"fave_additional_feature_value\";s:4:\"1170\";}i:17;a:2:{s:29:\"fave_additional_feature_title\";s:17:\"Energieausweistyp\";s:29:\"fave_additional_feature_value\";s:9:\"VERBRAUCH\";}i:18;a:2:{s:29:\"fave_additional_feature_title\";s:17:\"Ausstellungsdatum\";s:29:\"fave_additional_feature_value\";s:4:\"2020\";}i:19;a:2:{s:29:\"fave_additional_feature_title\";s:21:\"Prim\u00e4renergietr\u00e4ger\";s:29:\"fave_additional_feature_value\";s:3:\"Gas\";}i:20;a:2:{s:29:\"fave_additional_feature_title\";s:13:\"Energiebedarf\";s:29:\"fave_additional_feature_value\";s:16:\"135 kWh\/(m\u00b2\u00b7a)\";}i:21;a:2:{s:29:\"fave_additional_feature_title\";s:22:\"Energieeffizienzklasse\";s:29:\"fave_additional_feature_value\";s:1:\"E\";}}"],"fave_agents":["8214"],"fave_property_agency":["8215"],"fave_property_map_address":["Bremer Stra\u00dfe 17, Eschborn, Deutschland"],"fave_property_location":["50.1370241,8.5663239,14"],"houzez_geolocation_lat":["50.1370241","50.1370241"],"houzez_geolocation_long":["8.5663239","8.5663239"],"Objekt-ID":["144671376"],"Objekttyp":["Wohnung"],"Adresse":["63065 Offenbach\/Main"],"Etage":["3"],"Etagen im Haus":["6"],"Wohnfl\u00e4che ca.":["43"],"Zimmer":["1"],"Haustiere":["nach Vereinbarung"],"Heizungsart":["1"],"Wesentlicher Energietr\u00e4ger":["Fernw\u00e4rme"],"Baujahr":["1971"],"Zustand":["gepflegt"],"Verf\u00fcgbar ab":["1.9.2023"],"Kaution":["3 Monatsmieten netto"],"Kaltmiete":["500"],"Nebenkosten":["150"],"Warmmiete":["650"],"Energieausweistyp":["VERBRAUCH"],"Ausstellungsdatum":["2014"],"Prim\u00e4renergietr\u00e4ger":["Fernw\u00e4rme"],"Energiebedarf":["104 kWh\/(m\u00b2\u00b7a)"],"Energieeffizienzklasse":[""],"Ausstattung \/ Merkmale":["Balkon\/Terrasse,Einbauk\u00fcche,Keller,Personenaufzug"],"_wp_page_template":["default"],"fave_show_price_placeholder":["0"],"fave_property_map_street_view":["show"],"fave_single_top_area":["global"],"fave_single_content_area":["global"],"houzez_manual_expire":["0"],"_houzez_expiration_date_status":["saved"],"houzez_total_property_views":["342"],"houzez_views_by_date":["a:61:{s:10:\"11-19-2025\";i:1;s:10:\"11-20-2025\";i:1;s:10:\"11-21-2025\";i:1;s:10:\"11-22-2025\";i:1;s:10:\"11-25-2025\";i:2;s:10:\"11-30-2025\";i:2;s:10:\"12-04-2025\";i:2;s:10:\"12-15-2025\";i:2;s:10:\"12-19-2025\";i:1;s:10:\"12-20-2025\";i:1;s:10:\"12-21-2025\";i:4;s:10:\"12-22-2025\";i:1;s:10:\"12-24-2025\";i:1;s:10:\"12-25-2025\";i:3;s:10:\"12-29-2025\";i:1;s:10:\"01-02-2026\";i:2;s:10:\"01-11-2026\";i:2;s:10:\"01-12-2026\";i:1;s:10:\"01-13-2026\";i:2;s:10:\"01-14-2026\";i:4;s:10:\"01-16-2026\";i:1;s:10:\"01-19-2026\";i:2;s:10:\"01-21-2026\";i:1;s:10:\"01-22-2026\";i:1;s:10:\"01-26-2026\";i:1;s:10:\"01-28-2026\";i:1;s:10:\"01-29-2026\";i:1;s:10:\"01-30-2026\";i:1;s:10:\"01-31-2026\";i:1;s:10:\"02-01-2026\";i:1;s:10:\"02-02-2026\";i:1;s:10:\"02-07-2026\";i:2;s:10:\"02-09-2026\";i:1;s:10:\"02-10-2026\";i:1;s:10:\"02-14-2026\";i:1;s:10:\"02-19-2026\";i:1;s:10:\"02-20-2026\";i:1;s:10:\"02-21-2026\";i:6;s:10:\"02-27-2026\";i:1;s:10:\"03-04-2026\";i:1;s:10:\"03-05-2026\";i:1;s:10:\"03-12-2026\";i:2;s:10:\"03-13-2026\";i:1;s:10:\"03-14-2026\";i:1;s:10:\"03-23-2026\";i:1;s:10:\"03-25-2026\";i:3;s:10:\"03-27-2026\";i:2;s:10:\"03-28-2026\";i:1;s:10:\"03-30-2026\";i:3;s:10:\"04-01-2026\";i:1;s:10:\"04-02-2026\";i:2;s:10:\"04-03-2026\";i:1;s:10:\"04-05-2026\";i:1;s:10:\"04-06-2026\";i:1;s:10:\"04-09-2026\";i:1;s:10:\"04-10-2026\";i:1;s:10:\"04-15-2026\";i:4;s:10:\"04-16-2026\";i:1;s:10:\"04-24-2026\";i:1;s:10:\"04-26-2026\";i:5;s:10:\"04-27-2026\";i:3;}"],"houzez_recently_viewed":["2026-04-27 16:03:01"],"_dp_original":["59794"],"_edit_lock":["1777205379:2"],"_edit_last":["2"],"fave_property_rooms":["2"],"fave_property_garage":["1 KFZ-Tiefgaragenplatz = \u20ac 100,-"],"_ame_cpe_post_policy":["{\"accessProtection\":{\"active\":\"replace\"}}"],"_thumbnail_id":["75120"],"fave_property_id":["167241200"],"fave_property_images":["75094","75112","75096","75097","75104","75105","75106","75110","75107","75103","75119","75102","75101","75100","75099","75098","75108","75109","75114","75116","75118","75113","75117","75111","75115"]},"_links":{"self":[{"href":"https:\/\/angebote.immobilienmoser.de\/en\/wp-json\/wp\/v2\/properties\/75092","targetHints":{"allow":["GET"]}}],"collection":[{"href":"https:\/\/angebote.immobilienmoser.de\/en\/wp-json\/wp\/v2\/properties"}],"about":[{"href":"https:\/\/angebote.immobilienmoser.de\/en\/wp-json\/wp\/v2\/types\/property"}],"author":[{"embeddable":true,"href":"https:\/\/angebote.immobilienmoser.de\/en\/wp-json\/wp\/v2\/users\/2"}],"version-history":[{"count":1,"href":"https:\/\/angebote.immobilienmoser.de\/en\/wp-json\/wp\/v2\/properties\/75092\/revisions"}],"predecessor-version":[{"id":75093,"href":"https:\/\/angebote.immobilienmoser.de\/en\/wp-json\/wp\/v2\/properties\/75092\/revisions\/75093"}],"wp:featuredmedia":[{"embeddable":true,"href":"https:\/\/angebote.immobilienmoser.de\/en\/wp-json\/wp\/v2\/media\/75120"}],"wp:attachment":[{"href":"https:\/\/angebote.immobilienmoser.de\/en\/wp-json\/wp\/v2\/media?parent=75092"}],"wp:term":[{"taxonomy":"property_type","embeddable":true,"href":"https:\/\/angebote.immobilienmoser.de\/en\/wp-json\/wp\/v2\/property_type?post=75092"},{"taxonomy":"property_status","embeddable":true,"href":"https:\/\/angebote.immobilienmoser.de\/en\/wp-json\/wp\/v2\/property_status?post=75092"},{"taxonomy":"property_feature","embeddable":true,"href":"https:\/\/angebote.immobilienmoser.de\/en\/wp-json\/wp\/v2\/property_feature?post=75092"},{"taxonomy":"property_label","embeddable":true,"href":"https:\/\/angebote.immobilienmoser.de\/en\/wp-json\/wp\/v2\/property_label?post=75092"},{"taxonomy":"property_country","embeddable":true,"href":"https:\/\/angebote.immobilienmoser.de\/en\/wp-json\/wp\/v2\/property_country?post=75092"},{"taxonomy":"property_state","embeddable":true,"href":"https:\/\/angebote.immobilienmoser.de\/en\/wp-json\/wp\/v2\/property_state?post=75092"},{"taxonomy":"property_city","embeddable":true,"href":"https:\/\/angebote.immobilienmoser.de\/en\/wp-json\/wp\/v2\/property_city?post=75092"},{"taxonomy":"property_area","embeddable":true,"href":"https:\/\/angebote.immobilienmoser.de\/en\/wp-json\/wp\/v2\/property_area?post=75092"}],"curies":[{"name":"wp","href":"https:\/\/api.w.org\/{rel}","templated":true}]}}