{"id":75076,"date":"2026-04-26T11:51:30","date_gmt":"2026-04-26T09:51:30","guid":{"rendered":"https:\/\/angebote.immobilienmoser.de\/?post_type=property&#038;p=75076"},"modified":"2026-04-26T11:51:30","modified_gmt":"2026-04-26T09:51:30","slug":"erstbezug-nach-komplett-sanierung-grosszuegige-1-zimmer-wohnung-mitten-in-der-offenbacher-fussgaengerzone","status":"publish","type":"property","link":"https:\/\/angebote.immobilienmoser.de\/en\/immobilien\/erstbezug-nach-komplett-sanierung-grosszuegige-1-zimmer-wohnung-mitten-in-der-offenbacher-fussgaengerzone\/","title":{"rendered":"Erstbezug nach Komplett-Sanierung! Gro\u00dfz\u00fcgige 1-Zimmer Wohnung  &#8211; mitten in der Offenbacher Fu\u00dfg\u00e4ngerzone"},"content":{"rendered":"<div class=\"block-title-wrap\">\n<h2>Property description<\/h2>\n<\/div>\n<p>Im 6. OG (mit Personenaufzug) dieses 7-geschossigen Wohn- und Gesch\u00e4ftshauses mitten in der Offenbacher City Fu\u00dfg\u00e4ngerzone ist diese gro\u00dfz\u00fcgige 1-Zimmerwohnung gerade nach kompletter Sanierung fertig geworden und steht jetzt zur Neuvermietung an.<\/p>\n<p><strong>Conditions in the rental agreement:<\/strong><\/p>\n<p>Mietbeginn: sp\u00e4testens 1.6.26<\/p>\n<p>K\u00fcndigungsverzicht = 12 Monate, danach gilt die gesetzliche 3- monatige K\u00fcndigungsfrist<\/p>\n<p>Staffelmiete: die Miete steigt jedes Jahr um \u20ac 15,- dabei der Vorteil = planbar und jegliche sonstige Mieterh\u00f6hung ist<br \/>\nausgeschlossen<\/p>\n<p>\u00dcbergabe der Wohnung: Erstbezug nach Komplett-Sanierung<\/p>\n<h2>equipment<\/h2>\n<p>Der Boden mit schickem neuen Vinylboden in Holzoptik ausgelegt, die W\u00e4nde Raufaser frisch wei\u00df tapeziert.<\/p>\n<p>Sie betreten die Wohnung und stehen in einem komfortablen Flurbereich, der auch gen\u00fcgend Abstellfl\u00e4che f\u00fcr einen Kleiderschrank bietet.<\/p>\n<p>Vom Flur aus auch der Zugang zum nagelneuen\u00a0 wei\u00dfen Wannenbad inkl. WC.<\/p>\n<p>Das neu renovierte Zimmer lichtdurchflutet mit gro\u00dfer Fensterfront und offen angrenzendem K\u00fcchenbereich, wo alle Anschl\u00fcsse f\u00fcr Ihre eigene Einbauk\u00fcche, ganz nach Ihren eigenen Vorstellungen, vorbereitet wurden, auch Ihre Waschmaschine m\u00fcsste in diesen Bereich integriert werden.<\/p>\n<p>Einen separaten Keller gibt es nicht.<\/p>\n<div class=\"block-title-wrap\">\n<h2>Position<\/h2>\n<\/div>\n<p>Die Herrnstr in Offenbach zentralst gelegen, das Haus direkt gegen\u00fcber dem Kaufhof. Die S-Bahn Station Marktplatz mit schneller direkter Anbindung nach Frankfurt keine 5 Fu\u00dfminuten<\/p>\n<div class=\"block-title-wrap\">\n<h2>Miscellaneous<\/h2>\n<\/div>\n<p>Arrange your viewing appointment with our office, we look forward to your call today.<\/p>\n<p>Our fixed office hours are usually Monday to Friday between 9 a.m. and 5 p.m. At other times we are usually away on external appointments and therefore not always directly reachable.<\/p>\n<p>Note: Your request should <strong>auf jeden Fall eine g\u00fcltige Mobiltelnr<\/strong>. + eine email Adresse enthalten ansonsten kann sie leider nicht bearbeitet werden und wird gel\u00f6scht.<\/p>\n<p>Ideally, you would tell us the following in your email request:<\/p>\n<p>How many people are you looking for a new apartment for?<\/p>\n<p>When are you looking for a new apartment?<\/p>\n<p>Do you do something professionally?<\/p>\n<p>Thank you.<\/p>\n<p>Note: All information, including area information, comes from third parties (owners, managers, tenants) for whom we cannot accept any guarantee or liability. Errors and interim rentals remain reserved.<\/p>","protected":false},"excerpt":{"rendered":"<p>Objektbeschreibung Im 6. OG (mit Personenaufzug) dieses 7-geschossigen Wohn- und Gesch\u00e4ftshauses mitten in der Offenbacher City Fu\u00dfg\u00e4ngerzone ist diese gro\u00dfz\u00fcgige 1-Zimmerwohnung gerade nach kompletter Sanierung fertig geworden und steht jetzt zur Neuvermietung an. Konditionen im Mietvertrag: Mietbeginn: sp\u00e4testens 1.6.26 K\u00fcndigungsverzicht = 12 Monate, danach gilt die gesetzliche 3- monatige K\u00fcndigungsfrist Staffelmiete: die Miete steigt jedes [&hellip;]<\/p>","protected":false},"author":2,"featured_media":75077,"parent":0,"menu_order":0,"template":"","property_type":[135,144],"property_status":[132],"property_feature":[],"property_label":[],"property_country":[56],"property_state":[190],"property_city":[57],"property_area":[189],"class_list":["post-75076","property","type-property","status-publish","has-post-thumbnail","hentry","property_type-wohnen","property_type-wohnung","property_status-mieten","property_country-deutschland","property_state-hessen","property_city-offenbach-am-main","property_area-hessen"],"property_meta":{"fave_currency":["EUR"],"fave_currency_info":["a:8:{s:2:\"id\";s:1:\"1\";s:13:\"currency_name\";s:4:\"Euro\";s:13:\"currency_code\";s:3:\"EUR\";s:15:\"currency_symbol\";s:3:\"\u20ac\";s:17:\"currency_position\";s:5:\"after\";s:16:\"currency_decimal\";s:1:\"0\";s:26:\"currency_decimal_separator\";s:1:\",\";s:27:\"currency_thousand_separator\";s:1:\".\";}","a:8:{s:2:\"id\";s:1:\"1\";s:13:\"currency_name\";s:4:\"Euro\";s:13:\"currency_code\";s:3:\"EUR\";s:15:\"currency_symbol\";s:3:\"\u20ac\";s:17:\"currency_position\";s:5:\"after\";s:16:\"currency_decimal\";s:1:\"0\";s:26:\"currency_decimal_separator\";s:1:\",\";s:27:\"currency_thousand_separator\";s:1:\".\";}","a:8:{s:2:\"id\";s:1:\"1\";s:13:\"currency_name\";s:4:\"Euro\";s:13:\"currency_code\";s:3:\"EUR\";s:15:\"currency_symbol\";s:3:\"\u20ac\";s:17:\"currency_position\";s:5:\"after\";s:16:\"currency_decimal\";s:1:\"0\";s:26:\"currency_decimal_separator\";s:1:\",\";s:27:\"currency_thousand_separator\";s:1:\".\";}","a:8:{s:2:\"id\";s:1:\"1\";s:13:\"currency_name\";s:4:\"Euro\";s:13:\"currency_code\";s:3:\"EUR\";s:15:\"currency_symbol\";s:3:\"\u20ac\";s:17:\"currency_position\";s:5:\"after\";s:16:\"currency_decimal\";s:1:\"0\";s:26:\"currency_decimal_separator\";s:1:\",\";s:27:\"currency_thousand_separator\";s:1:\".\";}"],"fave_property_price":["490"],"fave_property_sec_price":["685"],"fave_property_price_postfix":["(inkl. Nebenkosten)"],"fave_property_size":["40"],"fave_property_size_prefix":["qm"],"fave_property_land_postfix":["qm"],"fave_property_bathrooms":["1"],"fave_property_rooms":["1"],"fave_property_map":["1"],"fave_property_year":["1972"],"fave_property_address":["Herrnstra\u00dfe 28"],"fave_property_zip":["63065 Offenbach"],"fave_property_country":["de_DE"],"fave_featured":["1"],"houzez_featured_listing_date":["2026-04-26 11:09:44","2025-03-31 18:54:07","2024-12-16 16:36:32","2024-12-08 12:52:24"],"fave_agent_display_option":["agency_info"],"fave_prop_homeslider":["no"],"fave_additional_features_enable":["enable"],"fave_energy_class":["B"],"fave_epc_current_rating":["64.9 kWh\/(m\u00b2\u00b7a)"],"additional_features":["a:22:{i:0;a:1:{s:29:\"fave_additional_feature_title\";s:9:\"Objekt-ID\";}i:1;a:2:{s:29:\"fave_additional_feature_title\";s:9:\"Objekttyp\";s:29:\"fave_additional_feature_value\";s:7:\"Wohnung\";}i:2;a:2:{s:29:\"fave_additional_feature_title\";s:7:\"Adresse\";s:29:\"fave_additional_feature_value\";s:30:\"63065 Offenbach - Herrnstr. 28\";}i:3;a:2:{s:29:\"fave_additional_feature_title\";s:5:\"Etage\";s:29:\"fave_additional_feature_value\";s:1:\"6\";}i:4;a:2:{s:29:\"fave_additional_feature_title\";s:14:\"Etagen im Haus\";s:29:\"fave_additional_feature_value\";s:1:\"7\";}i:5;a:2:{s:29:\"fave_additional_feature_title\";s:15:\"Wohnfl\u00e4che ca.\";s:29:\"fave_additional_feature_value\";s:2:\"40\";}i:6;a:2:{s:29:\"fave_additional_feature_title\";s:6:\"Zimmer\";s:29:\"fave_additional_feature_value\";s:1:\"1\";}i:7;a:2:{s:29:\"fave_additional_feature_title\";s:9:\"Haustiere\";s:29:\"fave_additional_feature_value\";s:31:\"ggf. nach Vereinbarung m\u00f6glich\";}i:8;a:2:{s:29:\"fave_additional_feature_title\";s:11:\"Heizungsart\";s:29:\"fave_additional_feature_value\";s:14:\"Zentralheizung\";}i:9;a:2:{s:29:\"fave_additional_feature_title\";s:27:\"Wesentlicher Energietr\u00e4ger\";s:29:\"fave_additional_feature_value\";s:10:\"Fernw\u00e4rme\";}i:10;a:2:{s:29:\"fave_additional_feature_title\";s:7:\"Baujahr\";s:29:\"fave_additional_feature_value\";s:4:\"1972\";}i:11;a:2:{s:29:\"fave_additional_feature_title\";s:7:\"Zustand\";s:29:\"fave_additional_feature_value\";s:8:\"gepflegt\";}i:12;a:2:{s:29:\"fave_additional_feature_title\";s:13:\"Verf\u00fcgbar ab\";s:29:\"fave_additional_feature_value\";s:26:\"sofort\/ sp\u00e4testens 1.6.26\";}i:13;a:2:{s:29:\"fave_additional_feature_title\";s:7:\"Kaution\";s:29:\"fave_additional_feature_value\";s:20:\"3 Monatsmieten netto\";}i:14;a:2:{s:29:\"fave_additional_feature_title\";s:9:\"Kaltmiete\";s:29:\"fave_additional_feature_value\";s:3:\"490\";}i:15;a:2:{s:29:\"fave_additional_feature_title\";s:11:\"Nebenkosten\";s:29:\"fave_additional_feature_value\";s:3:\"195\";}i:16;a:2:{s:29:\"fave_additional_feature_title\";s:9:\"Warmmiete\";s:29:\"fave_additional_feature_value\";s:3:\"685\";}i:17;a:2:{s:29:\"fave_additional_feature_title\";s:17:\"Energieausweistyp\";s:29:\"fave_additional_feature_value\";s:9:\"VERBRAUCH\";}i:18;a:1:{s:29:\"fave_additional_feature_title\";s:17:\"Ausstellungsdatum\";}i:19;a:2:{s:29:\"fave_additional_feature_title\";s:21:\"Prim\u00e4renergietr\u00e4ger\";s:29:\"fave_additional_feature_value\";s:10:\"Fernw\u00e4rme\";}i:20;a:2:{s:29:\"fave_additional_feature_title\";s:13:\"Energiebedarf\";s:29:\"fave_additional_feature_value\";s:19:\"146,90 kWh\/(m\u00b2\u00b7a)\";}i:21;a:1:{s:29:\"fave_additional_feature_title\";s:22:\"Energieeffizienzklasse\";}}"],"fave_agents":["8214"],"fave_property_agency":["8215"],"fave_property_map_address":["Herrnstra\u00dfe 28, Offenbach am Main, Deutschland"],"fave_property_location":["50.1046302,8.7623735,14"],"houzez_geolocation_lat":["50.1046302","50.1046302","50.1046302","50.1046302"],"houzez_geolocation_long":["8.7623735","8.7623735","8.7623735","8.7623735"],"Objekt-ID":["151209754"],"Objekttyp":["Wohnung"],"Adresse":["63069 Offenbach"],"Etage":["2"],"Etagen im Haus":["5"],"Wohnfl\u00e4che ca.":["65"],"Zimmer":["3"],"Haustiere":["nach Vereinbarung"],"Heizungsart":["1"],"Wesentlicher Energietr\u00e4ger":["Fernw\u00e4rme"],"Baujahr":["1952"],"Zustand":["gepflegt"],"Verf\u00fcgbar ab":["1.8.2024"],"Kaution":["3 Monatsmieten netto"],"Kaltmiete":["670"],"Nebenkosten":["200"],"Warmmiete":["870"],"Energieausweistyp":["VERBRAUCH"],"Ausstellungsdatum":["2008"],"Prim\u00e4renergietr\u00e4ger":["Fernw\u00e4rme"],"Energiebedarf":["64.9 kWh\/(m\u00b2\u00b7a)"],"Energieeffizienzklasse":[""],"Ausstattung \/ Merkmale":["Balkon\/Terrasse,Einbauk\u00fcche,Keller,WG-geeignet"],"_wp_page_template":["default"],"_thumbnail_id":["75077"],"houzez_total_property_views":["553"],"houzez_views_by_date":["a:61:{s:10:\"11-01-2025\";i:1;s:10:\"11-02-2025\";i:1;s:10:\"11-03-2025\";i:1;s:10:\"11-04-2025\";i:5;s:10:\"11-10-2025\";i:1;s:10:\"11-12-2025\";i:1;s:10:\"11-16-2025\";i:1;s:10:\"11-17-2025\";i:1;s:10:\"11-20-2025\";i:1;s:10:\"11-22-2025\";i:1;s:10:\"11-24-2025\";i:1;s:10:\"11-25-2025\";i:2;s:10:\"11-29-2025\";i:2;s:10:\"11-30-2025\";i:2;s:10:\"12-04-2025\";i:2;s:10:\"12-15-2025\";i:2;s:10:\"12-17-2025\";i:1;s:10:\"12-18-2025\";i:1;s:10:\"12-21-2025\";i:4;s:10:\"12-24-2025\";i:1;s:10:\"12-25-2025\";i:3;s:10:\"12-26-2025\";i:1;s:10:\"12-28-2025\";i:1;s:10:\"12-30-2025\";i:1;s:10:\"01-02-2026\";i:3;s:10:\"01-09-2026\";i:2;s:10:\"01-11-2026\";i:2;s:10:\"01-12-2026\";i:1;s:10:\"01-13-2026\";i:2;s:10:\"01-14-2026\";i:2;s:10:\"01-18-2026\";i:1;s:10:\"01-19-2026\";i:1;s:10:\"01-22-2026\";i:2;s:10:\"01-26-2026\";i:1;s:10:\"01-27-2026\";i:1;s:10:\"01-29-2026\";i:3;s:10:\"02-01-2026\";i:4;s:10:\"02-07-2026\";i:2;s:10:\"02-08-2026\";i:1;s:10:\"02-10-2026\";i:2;s:10:\"02-13-2026\";i:1;s:10:\"02-14-2026\";i:1;s:10:\"02-19-2026\";i:2;s:10:\"02-21-2026\";i:1;s:10:\"02-22-2026\";i:3;s:10:\"02-27-2026\";i:2;s:10:\"03-05-2026\";i:2;s:10:\"03-12-2026\";i:2;s:10:\"03-14-2026\";i:2;s:10:\"03-25-2026\";i:2;s:10:\"03-27-2026\";i:2;s:10:\"03-28-2026\";i:2;s:10:\"04-01-2026\";i:3;s:10:\"04-02-2026\";i:1;s:10:\"04-03-2026\";i:3;s:10:\"04-05-2026\";i:3;s:10:\"04-08-2026\";i:1;s:10:\"04-09-2026\";i:1;s:10:\"04-15-2026\";i:4;s:10:\"04-26-2026\";i:7;s:10:\"04-27-2026\";i:5;}"],"houzez_recently_viewed":["2026-04-27 16:03:01"],"fave_show_price_placeholder":["0"],"fave_property_map_street_view":["show"],"fave_single_top_area":["global"],"fave_single_content_area":["global"],"houzez_manual_expire":["0"],"_houzez_expiration_date_status":["saved"],"_ame_cpe_post_policy":["{\"accessProtection\":{\"active\":\"replace\"}}"],"_dp_original":["73192"],"_edit_lock":["1777196988:2"],"_edit_last":["2"],"fave_property_images":["75078","75079","75080","75081","75085","75086","75082","75084","75083","75087","75088","75089","75090"]},"_links":{"self":[{"href":"https:\/\/angebote.immobilienmoser.de\/en\/wp-json\/wp\/v2\/properties\/75076","targetHints":{"allow":["GET"]}}],"collection":[{"href":"https:\/\/angebote.immobilienmoser.de\/en\/wp-json\/wp\/v2\/properties"}],"about":[{"href":"https:\/\/angebote.immobilienmoser.de\/en\/wp-json\/wp\/v2\/types\/property"}],"author":[{"embeddable":true,"href":"https:\/\/angebote.immobilienmoser.de\/en\/wp-json\/wp\/v2\/users\/2"}],"version-history":[{"count":1,"href":"https:\/\/angebote.immobilienmoser.de\/en\/wp-json\/wp\/v2\/properties\/75076\/revisions"}],"predecessor-version":[{"id":75091,"href":"https:\/\/angebote.immobilienmoser.de\/en\/wp-json\/wp\/v2\/properties\/75076\/revisions\/75091"}],"wp:featuredmedia":[{"embeddable":true,"href":"https:\/\/angebote.immobilienmoser.de\/en\/wp-json\/wp\/v2\/media\/75077"}],"wp:attachment":[{"href":"https:\/\/angebote.immobilienmoser.de\/en\/wp-json\/wp\/v2\/media?parent=75076"}],"wp:term":[{"taxonomy":"property_type","embeddable":true,"href":"https:\/\/angebote.immobilienmoser.de\/en\/wp-json\/wp\/v2\/property_type?post=75076"},{"taxonomy":"property_status","embeddable":true,"href":"https:\/\/angebote.immobilienmoser.de\/en\/wp-json\/wp\/v2\/property_status?post=75076"},{"taxonomy":"property_feature","embeddable":true,"href":"https:\/\/angebote.immobilienmoser.de\/en\/wp-json\/wp\/v2\/property_feature?post=75076"},{"taxonomy":"property_label","embeddable":true,"href":"https:\/\/angebote.immobilienmoser.de\/en\/wp-json\/wp\/v2\/property_label?post=75076"},{"taxonomy":"property_country","embeddable":true,"href":"https:\/\/angebote.immobilienmoser.de\/en\/wp-json\/wp\/v2\/property_country?post=75076"},{"taxonomy":"property_state","embeddable":true,"href":"https:\/\/angebote.immobilienmoser.de\/en\/wp-json\/wp\/v2\/property_state?post=75076"},{"taxonomy":"property_city","embeddable":true,"href":"https:\/\/angebote.immobilienmoser.de\/en\/wp-json\/wp\/v2\/property_city?post=75076"},{"taxonomy":"property_area","embeddable":true,"href":"https:\/\/angebote.immobilienmoser.de\/en\/wp-json\/wp\/v2\/property_area?post=75076"}],"curies":[{"name":"wp","href":"https:\/\/api.w.org\/{rel}","templated":true}]}}