{"id":75053,"date":"2026-04-26T11:06:41","date_gmt":"2026-04-26T09:06:41","guid":{"rendered":"https:\/\/angebote.immobilienmoser.de\/?post_type=property&#038;p=75053"},"modified":"2026-04-26T13:20:30","modified_gmt":"2026-04-26T11:20:30","slug":"altbaucharme-pur-gemuetliche-2-zimmerwohnung-mit-balkon-ruhig-und-zentral-naehe-ezb","status":"publish","type":"property","link":"https:\/\/angebote.immobilienmoser.de\/en\/immobilien\/altbaucharme-pur-gemuetliche-2-zimmerwohnung-mit-balkon-ruhig-und-zentral-naehe-ezb\/","title":{"rendered":"Altbaucharme pur! Gem\u00fctliche 2 Zimmerwohnung mit Balkon &#8211; ruhig und zentral N\u00e4he EZB"},"content":{"rendered":"<div class=\"block-title-wrap\">\n<h2>Property description<\/h2>\n<\/div>\n<p>In diesem gepflegten Altbau in der Uhlandstr. im Frankfurter Ostend steht diese charmante 2 Zimmerwohnung im 1. OG (ohne! Aufzug) zur Neuvermietung an.<\/p>\n<p>Die Vermietung erfolgt an max. 2 Personen. Eine solide 2-er WG w\u00e4re hier auch denkbar.<\/p>\n<p>Die Wohnung wird nicht frisch wei\u00df gestrichen \u00fcbergeben, der neue Mieter kann dies dann nach seinem Geschmack bei Einzug gestalten.<\/p>\n<p><strong>The conditions in the rental agreement:<\/strong><\/p>\n<p>Mietbeginn:\u00a0 1.6.25<\/p>\n<p>Waiver of notice: 12 months, after which the statutory notice period of 3 months applies<\/p>\n<p>Staffelmiete: die Miete steigt j\u00e4hrlich um \u20ac 15,-, das bietet Planungssicherheit und liegt unter der Inflationsrate<\/p>\n<p>\u00dcbergabe der Wohnung: leer und gereinigt, Raufaser wei\u00df tapeziert nicht frisch gestrichen<\/p>\n<p>optional kann vom jetzigen Mieter dessen komplette Einbauk\u00fcche, auch inkl. Waschmaschine m\u00f6glich, sowie gro\u00dfer Pax-Schrank und diverse andere M\u00f6bel \u00fcbernommen werden, dies wird dann eine bilaterale Absprache zwischen den Mietern, eine komplette Liste der Gegenst\u00e4nde, die \u00fcbernommen werden k\u00f6nnen (nicht m\u00fcssen) wird bei Besichtigung ausgeh\u00e4ndigt<\/p>\n<div class=\"block-title-wrap\">\n<h2>equipment<\/h2>\n<\/div>\n<p>Sie betreten die Wohnung im 1. OG (<strong>ohne!<\/strong> Aufzug) in einen schmalen und etwas verwinkelten Flurbereich, wodurch wohnen, schlafen, kochen und baden auch r\u00e4umlich gut voneinander abgegrenzt sind,\u00a0 beide Zimmer sowie K\u00fcche und Bad sind alle einzeln vom Flur aus begehbar, somit auch ein WG-geeigneter Grundriss.<\/p>\n<p>Die beiden Zimmer, nebeneinanderliegend, sind ger\u00e4umig und bestechen auch durch die altbautypische Zimmerh\u00f6he, dazu im Wohnzimmer auch noch mit charmanten Stuckelementen und hier auch noch ein kleiner Balkon f\u00fcr das gem\u00fctliche Relaxen.<\/p>\n<p>Die K\u00fcche, ein weiteres Highlight, eine kleine Wohnk\u00fcche, diese ist seitens der jetzigen Mieter bereits mit einer Einbauk\u00fcche ausgestattet, die gegen Abstand (\u20ac 2.000,-) inkl. Waschmaschine (\u20ac 2.400,-) \u00fcbernommen werden kann.<\/p>\n<p>Das Badezimmer klein und im Retro-Style mit Badewanne, WC und Waschbecken dieses verf\u00fcgt auch \u00fcber ein Fenster.<\/p>\n<p>Und ein separates Kellerabteil geh\u00f6rt au\u00dferdem noch dazu.<\/p>\n<div class=\"block-title-wrap\">\n<h2>Position<\/h2>\n<\/div>\n<p>Die Uhlandstra\u00dfe, eine ruhige kleine Seitenstra\u00dfe zwischen Hanauer Landstr. und Main, die S-Bahn-Station &#8220;Ostendstr.&#8221; in 3<br \/>\nMin. fu\u00dfl\u00e4ufig entfernt.<\/p>\n<p>Alle Gesch\u00e4fte des tgl. Bedarfs in Laufn\u00e4he, der Main mit vielen Freizeitm\u00f6glichkeiten keine 5 Fu\u00dfminuten entfernt und zur Zeil (Konstablerwache) sind es zu Fu\u00df auch kaum 15 Minuten.<\/p>\n<div class=\"block-title-wrap\">\n<h2>Miscellaneous<\/h2>\n<\/div>\n<p>Arrange your viewing appointment with our office, we look forward to your call today.<\/p>\n<p>Our fixed office hours are usually Monday to Friday between 9 a.m. and 5 p.m. At other times we are usually away on external appointments and therefore not always directly reachable.<\/p>\n<p>Note: Your request must contain a valid mobile phone number, otherwise it cannot be processed and will be deleted.<\/p>\n<p>Ideally, you would tell us the following in your email request:<\/p>\n<p>How many people are you looking for a new apartment for?<\/p>\n<p>When are you looking for a new apartment?<\/p>\n<p>Do you do something professionally?<\/p>\n<p>Thank you.<\/p>\n<p>Note: All information, including area information, comes from third parties (owners, managers, tenants) for whom we cannot accept any guarantee or liability. Errors and interim rentals remain reserved.<\/p>","protected":false},"excerpt":{"rendered":"<p>Objektbeschreibung In diesem gepflegten Altbau in der Uhlandstr. im Frankfurter Ostend steht diese charmante 2 Zimmerwohnung im 1. OG (ohne! Aufzug) zur Neuvermietung an. Die Vermietung erfolgt an max. 2 Personen. Eine solide 2-er WG w\u00e4re hier auch denkbar. Die Wohnung wird nicht frisch wei\u00df gestrichen \u00fcbergeben, der neue Mieter kann dies dann nach seinem [&hellip;]<\/p>","protected":false},"author":2,"featured_media":73129,"parent":0,"menu_order":0,"template":"","property_type":[135,144],"property_status":[132],"property_feature":[165,163,164,162],"property_label":[],"property_country":[56],"property_state":[190],"property_city":[110,78],"property_area":[189],"class_list":["post-75053","property","type-property","status-publish","has-post-thumbnail","hentry","property_type-wohnen","property_type-wohnung","property_status-mieten","property_feature-balkon-terrasse","property_feature-einbaukueche","property_feature-keller","property_feature-wg-geeignet","property_country-deutschland","property_state-hessen","property_city-frankfurt-ostend","property_city-frankfurt-main","property_area-hessen"],"property_meta":{"fave_currency":["EUR"],"fave_currency_info":["a:8:{s:2:\"id\";s:1:\"1\";s:13:\"currency_name\";s:4:\"Euro\";s:13:\"currency_code\";s:3:\"EUR\";s:15:\"currency_symbol\";s:3:\"\u20ac\";s:17:\"currency_position\";s:5:\"after\";s:16:\"currency_decimal\";s:1:\"0\";s:26:\"currency_decimal_separator\";s:1:\",\";s:27:\"currency_thousand_separator\";s:1:\".\";}","a:8:{s:2:\"id\";s:1:\"1\";s:13:\"currency_name\";s:4:\"Euro\";s:13:\"currency_code\";s:3:\"EUR\";s:15:\"currency_symbol\";s:3:\"\u20ac\";s:17:\"currency_position\";s:5:\"after\";s:16:\"currency_decimal\";s:1:\"0\";s:26:\"currency_decimal_separator\";s:1:\",\";s:27:\"currency_thousand_separator\";s:1:\".\";}","a:8:{s:2:\"id\";s:1:\"1\";s:13:\"currency_name\";s:4:\"Euro\";s:13:\"currency_code\";s:3:\"EUR\";s:15:\"currency_symbol\";s:3:\"\u20ac\";s:17:\"currency_position\";s:5:\"after\";s:16:\"currency_decimal\";s:1:\"0\";s:26:\"currency_decimal_separator\";s:1:\",\";s:27:\"currency_thousand_separator\";s:1:\".\";}"],"fave_property_price":["960"],"fave_property_sec_price":["1180"],"fave_property_price_postfix":["(inkl. Nebenkosten)"],"fave_property_size":["63"],"fave_property_size_prefix":["qm"],"fave_property_land_postfix":["qm"],"fave_property_bedrooms":["1"],"fave_property_bathrooms":["1"],"fave_property_rooms":["2"],"fave_property_map":["1"],"fave_property_year":["1900"],"fave_property_address":["Uhlandstra\u00dfe"],"fave_property_zip":["60314 Frankfurt-Ostend"],"fave_property_country":["de_DE"],"fave_featured":["1"],"houzez_featured_listing_date":["2026-04-26 10:17:28","2025-03-25 14:28:50","2025-03-25 14:28:50"],"fave_agent_display_option":["agency_info"],"fave_prop_homeslider":["no"],"fave_additional_features_enable":["enable"],"fave_energy_class":["B"],"fave_epc_current_rating":["66 kWh\/(m\u00b2\u00b7a)"],"additional_features":["a:22:{i:0;a:2:{s:29:\"fave_additional_feature_title\";s:9:\"Objekt-ID\";s:29:\"fave_additional_feature_value\";s:9:\"167240858\";}i:1;a:2:{s:29:\"fave_additional_feature_title\";s:9:\"Objekttyp\";s:29:\"fave_additional_feature_value\";s:7:\"Wohnung\";}i:2;a:2:{s:29:\"fave_additional_feature_title\";s:7:\"Adresse\";s:29:\"fave_additional_feature_value\";s:36:\"60314 Frankfurt\/Main - Uhlandstra\u00dfe\";}i:3;a:2:{s:29:\"fave_additional_feature_title\";s:5:\"Etage\";s:29:\"fave_additional_feature_value\";s:1:\"1\";}i:4;a:2:{s:29:\"fave_additional_feature_title\";s:14:\"Etagen im Haus\";s:29:\"fave_additional_feature_value\";s:1:\"5\";}i:5;a:2:{s:29:\"fave_additional_feature_title\";s:15:\"Wohnfl\u00e4che ca.\";s:29:\"fave_additional_feature_value\";s:2:\"63\";}i:6;a:2:{s:29:\"fave_additional_feature_title\";s:6:\"Zimmer\";s:29:\"fave_additional_feature_value\";s:1:\"2\";}i:7;a:2:{s:29:\"fave_additional_feature_title\";s:9:\"Haustiere\";s:29:\"fave_additional_feature_value\";s:4:\"nein\";}i:8;a:2:{s:29:\"fave_additional_feature_title\";s:11:\"Heizungsart\";s:29:\"fave_additional_feature_value\";s:17:\"Gaszentralheizung\";}i:9;a:2:{s:29:\"fave_additional_feature_title\";s:27:\"Wesentlicher Energietr\u00e4ger\";s:29:\"fave_additional_feature_value\";s:3:\"Gas\";}i:10;a:2:{s:29:\"fave_additional_feature_title\";s:7:\"Baujahr\";s:29:\"fave_additional_feature_value\";s:4:\"1900\";}i:11;a:2:{s:29:\"fave_additional_feature_title\";s:7:\"Zustand\";s:29:\"fave_additional_feature_value\";s:8:\"gepflegt\";}i:12;a:2:{s:29:\"fave_additional_feature_title\";s:13:\"Verf\u00fcgbar ab\";s:29:\"fave_additional_feature_value\";s:8:\"1.6.2026\";}i:13;a:2:{s:29:\"fave_additional_feature_title\";s:7:\"Kaution\";s:29:\"fave_additional_feature_value\";s:20:\"3 Monatsmieten netto\";}i:14;a:2:{s:29:\"fave_additional_feature_title\";s:9:\"Kaltmiete\";s:29:\"fave_additional_feature_value\";s:3:\"960\";}i:15;a:2:{s:29:\"fave_additional_feature_title\";s:11:\"Nebenkosten\";s:29:\"fave_additional_feature_value\";s:3:\"220\";}i:16;a:2:{s:29:\"fave_additional_feature_title\";s:9:\"Warmmiete\";s:29:\"fave_additional_feature_value\";s:4:\"1180\";}i:17;a:2:{s:29:\"fave_additional_feature_title\";s:17:\"Energieausweistyp\";s:29:\"fave_additional_feature_value\";s:9:\"VERBRAUCH\";}i:18;a:2:{s:29:\"fave_additional_feature_title\";s:17:\"Ausstellungsdatum\";s:29:\"fave_additional_feature_value\";s:4:\"2014\";}i:19;a:2:{s:29:\"fave_additional_feature_title\";s:21:\"Prim\u00e4renergietr\u00e4ger\";s:29:\"fave_additional_feature_value\";s:3:\"Gas\";}i:20;a:2:{s:29:\"fave_additional_feature_title\";s:13:\"Energiebedarf\";s:29:\"fave_additional_feature_value\";s:15:\"66 kWh\/(m\u00b2\u00b7a)\";}i:21;a:2:{s:29:\"fave_additional_feature_title\";s:22:\"Energieeffizienzklasse\";s:29:\"fave_additional_feature_value\";s:1:\"B\";}}"],"fave_agents":["8214"],"fave_property_agency":["8215"],"fave_property_map_address":["Uhlandstra\u00dfe, 60314 Frankfurt am Main-Bornheim\/Ostend, Germany"],"fave_property_location":["50.1110572,8.6968129,14"],"houzez_geolocation_lat":["50.1110572","50.1110572","50.1110572"],"houzez_geolocation_long":["8.6968129","8.6968129","8.6968129"],"Objekt-ID":["138255840"],"Objekttyp":["Wohnung"],"Adresse":["60314 Frankfurt\/Main"],"Etage":["2"],"Etagen im Haus":["5"],"Wohnfl\u00e4che ca.":["63"],"Zimmer":["2"],"Haustiere":["nach Vereinbarung"],"Heizungsart":["1"],"Wesentlicher Energietr\u00e4ger":["Gas"],"Baujahr":["1900"],"Zustand":["vollsaniert"],"Verf\u00fcgbar ab":["1.2.2023"],"Kaution":["3 Monatsmieten netto"],"Kaltmiete":["900"],"Nebenkosten":["230"],"Warmmiete":["1130"],"Energieausweistyp":["VERBRAUCH"],"Ausstellungsdatum":["2014"],"Prim\u00e4renergietr\u00e4ger":["Gas"],"Energiebedarf":["66 kWh\/(m\u00b2\u00b7a)"],"Energieeffizienzklasse":[""],"Ausstattung \/ Merkmale":["Einbauk\u00fcche,Keller,WG-geeignet"],"_wp_page_template":["default"],"_thumbnail_id":["73129"],"houzez_total_property_views":["560"],"houzez_views_by_date":["a:61:{s:10:\"11-03-2025\";i:1;s:10:\"11-04-2025\";i:5;s:10:\"11-10-2025\";i:1;s:10:\"11-12-2025\";i:1;s:10:\"11-17-2025\";i:1;s:10:\"11-18-2025\";i:1;s:10:\"11-20-2025\";i:1;s:10:\"11-21-2025\";i:2;s:10:\"11-22-2025\";i:2;s:10:\"11-24-2025\";i:1;s:10:\"11-25-2025\";i:2;s:10:\"11-29-2025\";i:1;s:10:\"11-30-2025\";i:2;s:10:\"12-04-2025\";i:2;s:10:\"12-05-2025\";i:1;s:10:\"12-15-2025\";i:2;s:10:\"12-18-2025\";i:1;s:10:\"12-19-2025\";i:1;s:10:\"12-21-2025\";i:4;s:10:\"12-24-2025\";i:1;s:10:\"12-25-2025\";i:2;s:10:\"12-26-2025\";i:1;s:10:\"12-29-2025\";i:1;s:10:\"01-02-2026\";i:3;s:10:\"01-09-2026\";i:2;s:10:\"01-11-2026\";i:3;s:10:\"01-13-2026\";i:2;s:10:\"01-14-2026\";i:2;s:10:\"01-18-2026\";i:1;s:10:\"01-19-2026\";i:1;s:10:\"01-26-2026\";i:1;s:10:\"01-27-2026\";i:2;s:10:\"01-29-2026\";i:3;s:10:\"02-01-2026\";i:3;s:10:\"02-07-2026\";i:2;s:10:\"02-08-2026\";i:1;s:10:\"02-09-2026\";i:1;s:10:\"02-10-2026\";i:1;s:10:\"02-13-2026\";i:1;s:10:\"02-14-2026\";i:1;s:10:\"02-19-2026\";i:2;s:10:\"02-21-2026\";i:3;s:10:\"02-22-2026\";i:2;s:10:\"02-27-2026\";i:2;s:10:\"03-05-2026\";i:2;s:10:\"03-09-2026\";i:2;s:10:\"03-13-2026\";i:1;s:10:\"03-14-2026\";i:2;s:10:\"03-24-2026\";i:1;s:10:\"03-25-2026\";i:1;s:10:\"03-26-2026\";i:1;s:10:\"03-27-2026\";i:2;s:10:\"03-28-2026\";i:1;s:10:\"03-31-2026\";i:1;s:10:\"04-01-2026\";i:1;s:10:\"04-03-2026\";i:3;s:10:\"04-05-2026\";i:3;s:10:\"04-09-2026\";i:1;s:10:\"04-15-2026\";i:4;s:10:\"04-26-2026\";i:22;s:10:\"04-27-2026\";i:15;}"],"houzez_recently_viewed":["2026-04-27 17:20:59"],"fave_show_price_placeholder":["0"],"fave_property_map_street_view":["show"],"fave_single_top_area":["global"],"fave_single_content_area":["global"],"houzez_manual_expire":["0"],"_houzez_expiration_date_status":["saved"],"_ame_cpe_post_policy":["{\"accessProtection\":{\"active\":\"replace\"}}"],"_dp_original":["73113"],"_edit_lock":["1777205238:2"],"_edit_last":["2"],"fave_property_id":["167240858"],"fave_property_images":["75073","75055","75066","75065","75054","75064","75057","75059","75060","75068","75067","75062","75058","75069","75070","75071","75072","75056","75063","75061","71330","71328"],"_elementor_page_assets":["a:0:{}"]},"_links":{"self":[{"href":"https:\/\/angebote.immobilienmoser.de\/en\/wp-json\/wp\/v2\/properties\/75053","targetHints":{"allow":["GET"]}}],"collection":[{"href":"https:\/\/angebote.immobilienmoser.de\/en\/wp-json\/wp\/v2\/properties"}],"about":[{"href":"https:\/\/angebote.immobilienmoser.de\/en\/wp-json\/wp\/v2\/types\/property"}],"author":[{"embeddable":true,"href":"https:\/\/angebote.immobilienmoser.de\/en\/wp-json\/wp\/v2\/users\/2"}],"version-history":[{"count":2,"href":"https:\/\/angebote.immobilienmoser.de\/en\/wp-json\/wp\/v2\/properties\/75053\/revisions"}],"predecessor-version":[{"id":75075,"href":"https:\/\/angebote.immobilienmoser.de\/en\/wp-json\/wp\/v2\/properties\/75053\/revisions\/75075"}],"wp:featuredmedia":[{"embeddable":true,"href":"https:\/\/angebote.immobilienmoser.de\/en\/wp-json\/wp\/v2\/media\/73129"}],"wp:attachment":[{"href":"https:\/\/angebote.immobilienmoser.de\/en\/wp-json\/wp\/v2\/media?parent=75053"}],"wp:term":[{"taxonomy":"property_type","embeddable":true,"href":"https:\/\/angebote.immobilienmoser.de\/en\/wp-json\/wp\/v2\/property_type?post=75053"},{"taxonomy":"property_status","embeddable":true,"href":"https:\/\/angebote.immobilienmoser.de\/en\/wp-json\/wp\/v2\/property_status?post=75053"},{"taxonomy":"property_feature","embeddable":true,"href":"https:\/\/angebote.immobilienmoser.de\/en\/wp-json\/wp\/v2\/property_feature?post=75053"},{"taxonomy":"property_label","embeddable":true,"href":"https:\/\/angebote.immobilienmoser.de\/en\/wp-json\/wp\/v2\/property_label?post=75053"},{"taxonomy":"property_country","embeddable":true,"href":"https:\/\/angebote.immobilienmoser.de\/en\/wp-json\/wp\/v2\/property_country?post=75053"},{"taxonomy":"property_state","embeddable":true,"href":"https:\/\/angebote.immobilienmoser.de\/en\/wp-json\/wp\/v2\/property_state?post=75053"},{"taxonomy":"property_city","embeddable":true,"href":"https:\/\/angebote.immobilienmoser.de\/en\/wp-json\/wp\/v2\/property_city?post=75053"},{"taxonomy":"property_area","embeddable":true,"href":"https:\/\/angebote.immobilienmoser.de\/en\/wp-json\/wp\/v2\/property_area?post=75053"}],"curies":[{"name":"wp","href":"https:\/\/api.w.org\/{rel}","templated":true}]}}