{"id":75024,"date":"2026-04-26T10:15:48","date_gmt":"2026-04-26T08:15:48","guid":{"rendered":"https:\/\/angebote.immobilienmoser.de\/?post_type=property&#038;p=75024"},"modified":"2026-04-26T10:15:48","modified_gmt":"2026-04-26T08:15:48","slug":"gemuetliche-sonnige-3-zimmerwohnung-mit-wintergarten-und-freisitz-offenbach-biber","status":"publish","type":"property","link":"https:\/\/angebote.immobilienmoser.de\/en\/immobilien\/gemuetliche-sonnige-3-zimmerwohnung-mit-wintergarten-und-freisitz-offenbach-biber\/","title":{"rendered":"Gem\u00fctliche, sonnige 3 Zimmerwohnung mit Wintergarten und Freisitz- Offenbach-Biber"},"content":{"rendered":"<div class=\"block-title-wrap\">\n<h2>Property description<\/h2>\n<\/div>\n<p>In diesem sehr gepflegten 2-Parteienhaus in gefragter Wohnlage am Bieberer Berg steht im 1. OG diese sehr charmante + lichtdurchflutete 3-Zimmerwohnung mit Wintergarten zur Neuvermietung an.<\/p>\n<p>Diese Wohnung wird maximal an 2 Personen vermietet. WGVermietung ist hier nicht m\u00f6glich.<\/p>\n<p><strong>Conditions in the rental agreement:<\/strong><\/p>\n<p>Mietbeginn: 15.5.\/1.6.\/15.6.\/ sp\u00e4testens 1.7.2026<\/p>\n<p>Mindestmietdauer = 12 Monate erst danach gilt die gesetzliche K\u00fcndigungsfrist von 3 Monaten.<\/p>\n<p>Staffelmiete: Die Miete steigt j\u00e4hrlich um \u20ac 15,-, also unter Inflationsausgleich und was Ihnen Planungssicherheit bietet, da so jegliche ungeplante Mieterh\u00f6hung ausgeschlossen ist.<\/p>\n<p>\u00dcbergabe der Wohnung: besenrein Raufaser wei\u00df tapeziert<\/p>\n<p>Sondervereinbarungen:<br \/>\nUm die Nebenkosten m\u00f6glichst nicht extrem nach oben zu treiben, \u00fcbernimmt der neue Mieter folgende Pflichten, wodurch ein meist teurer Hausmeister-Service bei einem nur 2-Parteienhaus vermieden werden kann:<\/p>\n<p>2 x im Monat Rasenm\u00e4hen (ca. 100m\u00b2) im Zeitaum April-Oktober ,M\u00e4her steht zur Verf\u00fcgung, im Gegenzug darf der Mieter exklusiv auch einen Freisitz im Garten nutzen mit Platz f\u00fcr Tisch, Liege oder auch Grill. Desweiteren erh\u00e4lt der Mieter noch einen exklusiven Zugang zu einem ger\u00e4umigen, ebenerdigen an den Freisitz angrenzenden Lagerraum.<\/p>\n<p>1 x im Monat Stra\u00dfe kehren (Kehrmaschine wird zur Verf\u00fcgung gestellt)<\/p>\n<p>nach M\u00fcllplan der Stadt Offenbach, die M\u00fclltonnen am Vorabend der Leerung auf den B\u00fcrgersteig stellen und danach wieder<br \/>\nzur\u00fcck an ihren Platz im Hof stellen<\/p>\n<p>Hausflur und Treppe sind alle 14 Tage feucht zu wischen.<\/p>\n<div class=\"block-title-wrap\">\n<h2>equipment<\/h2>\n<\/div>\n<p>Sie betreten die Wohnung im 1. OG des Hauses in einen gro\u00dfz\u00fcgigen Flurbereich, von dem alle Zimmer einzeln begehbar sind. Das EG wird vom Eigent\u00fcmer bewohnt. Nur diese 2 Wohneinheiten befinden sich im Haus.<\/p>\n<p>Der Boden mit Laminat in Holzoptik ausgelegt, die W\u00e4nde sind Raufaser wei\u00df tapeziert.<\/p>\n<p>Die 3 Zimmer haben unterschiedliche Gr\u00f6\u00dfen von ca. 9m\u00b2 und 16m\u00b2 sowie 21m\u00b2, also ideal geeignet zur Aufteilung in Wohnzimmer, Schlafzimmer und auch noch ein Arbeitszimmer.<\/p>\n<p>Das gr\u00f6\u00dfte Zimmer ist zur R\u00fcckseite des Hauses ausgerichtet, das HIghlight hier zus\u00e4tzlich noch der angrenzende auch<br \/>\nbeheizbare Wintergarten, dieser l\u00e4dt zu entspannten Stunden ein.<\/p>\n<p>Die K\u00fcche ist seitens des Eigent\u00fcmers mit allen Anschl\u00fcssen zum Einbau Ihrer eigenen Einbauk\u00fcche, ganz nach Ihrem Geschmack ausgestattet. Die auf den Fotos zu sehende K\u00fcche geh\u00f6rt dem jetzigen Mieter und wird von diesem bei Auszug mitgenommen, steht also nicht zur \u00dcbernahme zur Verf\u00fcgung.<\/p>\n<p>F\u00fcr Ihre Waschmaschine ist im Kellergeschoss des Hauses ein fester Platz mit eigenem Strom-\/Wasseranschluss reserviert.<\/p>\n<p>Das moderne Tageslicht Badezimmer in wei\u00df gefliest ist ausgestattet mit Badewanne und Waschbecken , das WC befindet sich im separaten Raum daneben.<\/p>\n<p>Es gibt kein eigenes Kellerabteil zur Wohnung, allerdings den attraktiven ebenerdigen Lagerraum (ca. 12m\u00b2) neben dem<br \/>\nFreisitz, der von au\u00dfen begehbar ist.<\/p>\n<h2>Position<\/h2>\n<p>Die Grazer Stra\u00dfe in Offenbach liegt in einem ruhigen, gewachsenen Wohnumfeld mit einer optimalen Verkehrsanbindung auch an \u00f6ffentliche Verkehrsmittel, die S-Bahnstation Offenbach-Bieber ist nur 5 Fu\u00dfminuten entfernt.<\/p>\n<p>Auch Gesch\u00e4fte des t\u00e4glichen Bedarfs sowie eine gute Auswahl an Restaurants ist bequem fu\u00dfl\u00e4ufig erreichbar.<\/p>\n<div class=\"block-title-wrap\">\n<h2>Miscellaneous<\/h2>\n<\/div>\n<p>Arrange your viewing appointment with our office, we look forward to your call today.<\/p>\n<p>Our fixed office hours are usually Monday to Friday between 9 a.m. and 5 p.m. At other times we are usually away on external appointments and therefore not always directly reachable.<\/p>\n<p>Note: Your request must contain a valid mobile phone number and an email address, otherwise it cannot be processed and will be deleted.<\/p>\n<p>Ideally, you would tell us the following in your email request:<\/p>\n<p>How many people are you looking for a new apartment for?<\/p>\n<p>When are you looking for a new apartment?<\/p>\n<p>Do you do something professionally?<\/p>\n<p>Thank you.<\/p>\n<p>Note: All information, including area information, comes from third parties (owners, managers, tenants) for whom we cannot accept any guarantee or liability. Errors and interim rentals remain reserved.<\/p>","protected":false},"excerpt":{"rendered":"<p>Objektbeschreibung In diesem sehr gepflegten 2-Parteienhaus in gefragter Wohnlage am Bieberer Berg steht im 1. OG diese sehr charmante + lichtdurchflutete 3-Zimmerwohnung mit Wintergarten zur Neuvermietung an. Diese Wohnung wird maximal an 2 Personen vermietet. WGVermietung ist hier nicht m\u00f6glich. Konditionen im Mietvertrag: Mietbeginn: 15.5.\/1.6.\/15.6.\/ sp\u00e4testens 1.7.2026 Mindestmietdauer = 12 Monate erst danach gilt die [&hellip;]<\/p>","protected":false},"author":2,"featured_media":75025,"parent":0,"menu_order":0,"template":"","property_type":[144,230],"property_status":[132],"property_feature":[198],"property_label":[],"property_country":[56],"property_state":[190],"property_city":[229],"property_area":[189],"class_list":["post-75024","property","type-property","status-publish","has-post-thumbnail","hentry","property_type-wohnung","property_type-zweifamilienhaus","property_status-mieten","property_feature-wintergarten","property_country-deutschland","property_state-hessen","property_city-offenbach-bieber","property_area-hessen"],"property_meta":{"fave_currency":["EUR"],"fave_currency_info":["a:8:{s:2:\"id\";s:1:\"1\";s:13:\"currency_name\";s:4:\"Euro\";s:13:\"currency_code\";s:3:\"EUR\";s:15:\"currency_symbol\";s:3:\"\u20ac\";s:17:\"currency_position\";s:5:\"after\";s:16:\"currency_decimal\";s:1:\"0\";s:26:\"currency_decimal_separator\";s:1:\",\";s:27:\"currency_thousand_separator\";s:1:\".\";}","a:8:{s:2:\"id\";s:1:\"1\";s:13:\"currency_name\";s:4:\"Euro\";s:13:\"currency_code\";s:3:\"EUR\";s:15:\"currency_symbol\";s:3:\"\u20ac\";s:17:\"currency_position\";s:5:\"after\";s:16:\"currency_decimal\";s:1:\"0\";s:26:\"currency_decimal_separator\";s:1:\",\";s:27:\"currency_thousand_separator\";s:1:\".\";}","a:8:{s:2:\"id\";s:1:\"1\";s:13:\"currency_name\";s:4:\"Euro\";s:13:\"currency_code\";s:3:\"EUR\";s:15:\"currency_symbol\";s:3:\"\u20ac\";s:17:\"currency_position\";s:5:\"after\";s:16:\"currency_decimal\";s:1:\"0\";s:26:\"currency_decimal_separator\";s:1:\",\";s:27:\"currency_thousand_separator\";s:1:\".\";}","a:8:{s:2:\"id\";s:1:\"1\";s:13:\"currency_name\";s:4:\"Euro\";s:13:\"currency_code\";s:3:\"EUR\";s:15:\"currency_symbol\";s:3:\"\u20ac\";s:17:\"currency_position\";s:5:\"after\";s:16:\"currency_decimal\";s:1:\"0\";s:26:\"currency_decimal_separator\";s:1:\",\";s:27:\"currency_thousand_separator\";s:1:\".\";}","a:8:{s:2:\"id\";s:1:\"1\";s:13:\"currency_name\";s:4:\"Euro\";s:13:\"currency_code\";s:3:\"EUR\";s:15:\"currency_symbol\";s:3:\"\u20ac\";s:17:\"currency_position\";s:5:\"after\";s:16:\"currency_decimal\";s:1:\"0\";s:26:\"currency_decimal_separator\";s:1:\",\";s:27:\"currency_thousand_separator\";s:1:\".\";}"],"fave_property_price":["900"],"fave_property_sec_price":["1160"],"fave_property_price_postfix":["(inkl. Nebenkosten)"],"fave_property_size":["74"],"fave_property_size_prefix":["qm"],"fave_property_land_postfix":["qm"],"fave_property_bedrooms":["1"],"fave_property_bathrooms":["1"],"fave_property_rooms":["3"],"fave_property_map":["1"],"fave_property_id":["167231274"],"fave_property_address":["Grazer Stra\u00dfe"],"fave_property_zip":["63073 Offenbach-Bieber"],"fave_property_country":["de_DE"],"fave_featured":["1"],"houzez_featured_listing_date":["2026-04-26 09:42:41","2026-04-19 14:04:07","2026-03-02 09:04:25","2025-12-06 14:38:42","2025-12-06 14:38:42"],"fave_agent_display_option":["agency_info"],"fave_prop_homeslider":["no"],"fave_additional_features_enable":["enable"],"fave_energy_class":["B"],"fave_epc_current_rating":["64.9 kWh\/(m\u00b2\u00b7a)"],"additional_features":["a:22:{i:0;a:2:{s:29:\"fave_additional_feature_title\";s:9:\"Objekt-ID\";s:29:\"fave_additional_feature_value\";s:9:\"167231274\";}i:1;a:2:{s:29:\"fave_additional_feature_title\";s:9:\"Objekttyp\";s:29:\"fave_additional_feature_value\";s:7:\"Wohnung\";}i:2;a:2:{s:29:\"fave_additional_feature_title\";s:7:\"Adresse\";s:29:\"fave_additional_feature_value\";s:22:\"63073 Offenbach-Bieber\";}i:3;a:2:{s:29:\"fave_additional_feature_title\";s:5:\"Etage\";s:29:\"fave_additional_feature_value\";s:1:\"1\";}i:4;a:2:{s:29:\"fave_additional_feature_title\";s:14:\"Etagen im Haus\";s:29:\"fave_additional_feature_value\";s:1:\"2\";}i:5;a:2:{s:29:\"fave_additional_feature_title\";s:15:\"Wohnfl\u00e4che ca.\";s:29:\"fave_additional_feature_value\";s:2:\"74\";}i:6;a:2:{s:29:\"fave_additional_feature_title\";s:6:\"Zimmer\";s:29:\"fave_additional_feature_value\";s:1:\"3\";}i:7;a:2:{s:29:\"fave_additional_feature_title\";s:9:\"Haustiere\";s:29:\"fave_additional_feature_value\";s:31:\"ggf. nach Vereinbarung m\u00f6glich\";}i:8;a:2:{s:29:\"fave_additional_feature_title\";s:11:\"Heizungsart\";s:29:\"fave_additional_feature_value\";s:18:\"Gas Zentralheizung\";}i:9;a:2:{s:29:\"fave_additional_feature_title\";s:27:\"Wesentlicher Energietr\u00e4ger\";s:29:\"fave_additional_feature_value\";s:3:\"Gas\";}i:10;a:2:{s:29:\"fave_additional_feature_title\";s:7:\"Baujahr\";s:29:\"fave_additional_feature_value\";s:4:\"1956\";}i:11;a:2:{s:29:\"fave_additional_feature_title\";s:7:\"Zustand\";s:29:\"fave_additional_feature_value\";s:10:\"besenrein \";}i:12;a:2:{s:29:\"fave_additional_feature_title\";s:13:\"Verf\u00fcgbar ab\";s:29:\"fave_additional_feature_value\";s:37:\"15.5.\/1.6.\/15.6.\/sp\u00e4testens 1.7.2026\";}i:13;a:2:{s:29:\"fave_additional_feature_title\";s:7:\"Kaution\";s:29:\"fave_additional_feature_value\";s:20:\"3 Monatsmieten netto\";}i:14;a:2:{s:29:\"fave_additional_feature_title\";s:9:\"Kaltmiete\";s:29:\"fave_additional_feature_value\";s:3:\"900\";}i:15;a:2:{s:29:\"fave_additional_feature_title\";s:11:\"Nebenkosten\";s:29:\"fave_additional_feature_value\";s:3:\"260\";}i:16;a:2:{s:29:\"fave_additional_feature_title\";s:9:\"Warmmiete\";s:29:\"fave_additional_feature_value\";s:4:\"1160\";}i:17;a:2:{s:29:\"fave_additional_feature_title\";s:17:\"Energieausweistyp\";s:29:\"fave_additional_feature_value\";s:9:\"VERBRAUCH\";}i:18;a:1:{s:29:\"fave_additional_feature_title\";s:17:\"Ausstellungsdatum\";}i:19;a:2:{s:29:\"fave_additional_feature_title\";s:21:\"Prim\u00e4renergietr\u00e4ger\";s:29:\"fave_additional_feature_value\";s:3:\"Gas\";}i:20;a:2:{s:29:\"fave_additional_feature_title\";s:13:\"Energiebedarf\";s:29:\"fave_additional_feature_value\";s:18:\"115,3 kWh\/(m\u00b2\u00b7a)\";}i:21;a:2:{s:29:\"fave_additional_feature_title\";s:22:\"Energieeffizienzklasse\";s:29:\"fave_additional_feature_value\";s:1:\"D\";}}"],"fave_agents":["8214"],"fave_property_agency":["8215"],"fave_property_map_address":["Grazer Stra\u00dfe, Offenbach, Bieber, Deutschland"],"fave_property_location":["50.0926277,8.8037996,14"],"houzez_geolocation_lat":["50.0926277","50.0926277","50.0926277","50.0926277","50.0926277"],"houzez_geolocation_long":["8.8037996","8.8037996","8.8037996","8.8037996","8.8037996"],"Objekt-ID":["142891482"],"Objekttyp":["Wohnung"],"Adresse":["63069 Offenbach"],"Etage":["2"],"Etagen im Haus":["5"],"Wohnfl\u00e4che ca.":["65"],"Zimmer":["3"],"Haustiere":["nicht erlaubt"],"Heizungsart":["1"],"Wesentlicher Energietr\u00e4ger":["Fernw\u00e4rme"],"Baujahr":["1952"],"Zustand":["gepflegt"],"Verf\u00fcgbar ab":["1.7.23"],"Kaution":["3 Monatsmieten netto"],"Kaltmiete":["700"],"Nebenkosten":["210"],"Warmmiete":["910"],"Energieausweistyp":["VERBRAUCH"],"Ausstellungsdatum":["2008"],"Prim\u00e4renergietr\u00e4ger":["Fernw\u00e4rme"],"Energiebedarf":["64.9 kWh\/(m\u00b2\u00b7a)"],"Energieeffizienzklasse":[""],"Ausstattung \/ Merkmale":["Balkon\/Terrasse,Einbauk\u00fcche,Keller,WG-geeignet"],"_wp_page_template":["default"],"houzez_total_property_views":["718"],"houzez_views_by_date":["a:61:{s:10:\"01-24-2026\";i:2;s:10:\"01-25-2026\";i:2;s:10:\"01-27-2026\";i:1;s:10:\"01-28-2026\";i:1;s:10:\"01-29-2026\";i:2;s:10:\"01-30-2026\";i:1;s:10:\"01-31-2026\";i:2;s:10:\"02-03-2026\";i:2;s:10:\"02-04-2026\";i:1;s:10:\"02-09-2026\";i:2;s:10:\"02-10-2026\";i:2;s:10:\"02-13-2026\";i:1;s:10:\"02-14-2026\";i:1;s:10:\"02-15-2026\";i:1;s:10:\"02-16-2026\";i:1;s:10:\"02-17-2026\";i:2;s:10:\"02-20-2026\";i:4;s:10:\"02-21-2026\";i:3;s:10:\"02-27-2026\";i:2;s:10:\"03-01-2026\";i:1;s:10:\"03-02-2026\";i:8;s:10:\"03-03-2026\";i:39;s:10:\"03-04-2026\";i:14;s:10:\"03-05-2026\";i:16;s:10:\"03-06-2026\";i:6;s:10:\"03-07-2026\";i:4;s:10:\"03-08-2026\";i:2;s:10:\"03-09-2026\";i:6;s:10:\"03-10-2026\";i:3;s:10:\"03-11-2026\";i:6;s:10:\"03-12-2026\";i:3;s:10:\"03-13-2026\";i:2;s:10:\"03-15-2026\";i:1;s:10:\"03-16-2026\";i:1;s:10:\"03-17-2026\";i:1;s:10:\"03-18-2026\";i:1;s:10:\"03-19-2026\";i:2;s:10:\"03-21-2026\";i:2;s:10:\"03-23-2026\";i:2;s:10:\"03-24-2026\";i:2;s:10:\"03-25-2026\";i:1;s:10:\"03-26-2026\";i:1;s:10:\"03-30-2026\";i:3;s:10:\"04-01-2026\";i:4;s:10:\"04-02-2026\";i:1;s:10:\"04-03-2026\";i:4;s:10:\"04-06-2026\";i:1;s:10:\"04-08-2026\";i:3;s:10:\"04-09-2026\";i:1;s:10:\"04-12-2026\";i:2;s:10:\"04-13-2026\";i:1;s:10:\"04-15-2026\";i:3;s:10:\"04-19-2026\";i:4;s:10:\"04-20-2026\";i:42;s:10:\"04-21-2026\";i:14;s:10:\"04-22-2026\";i:12;s:10:\"04-23-2026\";i:16;s:10:\"04-24-2026\";i:8;s:10:\"04-25-2026\";i:11;s:10:\"04-26-2026\";i:8;s:10:\"04-27-2026\";i:3;}"],"houzez_recently_viewed":["2026-04-27 16:03:03"],"fave_show_price_placeholder":["0"],"fave_property_map_street_view":["show"],"fave_single_top_area":["global"],"fave_single_content_area":["global"],"_ame_cpe_post_policy":["{\"accessProtection\":{\"active\":\"replace\"}}"],"houzez_manual_expire":["0"],"_houzez_expiration_date_status":["saved"],"_thumbnail_id":["75025"],"_dp_original":["74967"],"_edit_lock":["1777191237:2"],"_edit_last":["2"],"fave_property_images":["75026","75027","75028","75029","75030","75032","75031","75033","75034","75035","75036","75038","75037","75039","75040","75041","75043","75042","75044","75045","75046","75047","75048","75049","75050","75051"]},"_links":{"self":[{"href":"https:\/\/angebote.immobilienmoser.de\/en\/wp-json\/wp\/v2\/properties\/75024","targetHints":{"allow":["GET"]}}],"collection":[{"href":"https:\/\/angebote.immobilienmoser.de\/en\/wp-json\/wp\/v2\/properties"}],"about":[{"href":"https:\/\/angebote.immobilienmoser.de\/en\/wp-json\/wp\/v2\/types\/property"}],"author":[{"embeddable":true,"href":"https:\/\/angebote.immobilienmoser.de\/en\/wp-json\/wp\/v2\/users\/2"}],"version-history":[{"count":1,"href":"https:\/\/angebote.immobilienmoser.de\/en\/wp-json\/wp\/v2\/properties\/75024\/revisions"}],"predecessor-version":[{"id":75052,"href":"https:\/\/angebote.immobilienmoser.de\/en\/wp-json\/wp\/v2\/properties\/75024\/revisions\/75052"}],"wp:featuredmedia":[{"embeddable":true,"href":"https:\/\/angebote.immobilienmoser.de\/en\/wp-json\/wp\/v2\/media\/75025"}],"wp:attachment":[{"href":"https:\/\/angebote.immobilienmoser.de\/en\/wp-json\/wp\/v2\/media?parent=75024"}],"wp:term":[{"taxonomy":"property_type","embeddable":true,"href":"https:\/\/angebote.immobilienmoser.de\/en\/wp-json\/wp\/v2\/property_type?post=75024"},{"taxonomy":"property_status","embeddable":true,"href":"https:\/\/angebote.immobilienmoser.de\/en\/wp-json\/wp\/v2\/property_status?post=75024"},{"taxonomy":"property_feature","embeddable":true,"href":"https:\/\/angebote.immobilienmoser.de\/en\/wp-json\/wp\/v2\/property_feature?post=75024"},{"taxonomy":"property_label","embeddable":true,"href":"https:\/\/angebote.immobilienmoser.de\/en\/wp-json\/wp\/v2\/property_label?post=75024"},{"taxonomy":"property_country","embeddable":true,"href":"https:\/\/angebote.immobilienmoser.de\/en\/wp-json\/wp\/v2\/property_country?post=75024"},{"taxonomy":"property_state","embeddable":true,"href":"https:\/\/angebote.immobilienmoser.de\/en\/wp-json\/wp\/v2\/property_state?post=75024"},{"taxonomy":"property_city","embeddable":true,"href":"https:\/\/angebote.immobilienmoser.de\/en\/wp-json\/wp\/v2\/property_city?post=75024"},{"taxonomy":"property_area","embeddable":true,"href":"https:\/\/angebote.immobilienmoser.de\/en\/wp-json\/wp\/v2\/property_area?post=75024"}],"curies":[{"name":"wp","href":"https:\/\/api.w.org\/{rel}","templated":true}]}}